{"id":33,"date":"2020-12-07T18:35:59","date_gmt":"2020-12-07T17:35:59","guid":{"rendered":"http:\/\/fotocontando.es\/?page_id=33"},"modified":"2025-04-18T10:00:00","modified_gmt":"2025-04-18T08:00:00","slug":"este-soy-yo","status":"publish","type":"page","link":"https:\/\/www.fotocontando.es\/index.php\/este-soy-yo\/","title":{"rendered":"\u00c9ste soy yo"},"content":{"rendered":"\t\t<div data-elementor-type=\"wp-page\" data-elementor-id=\"33\" class=\"elementor elementor-33\">\n\t\t\t\t\t\t<section class=\"elementor-section elementor-top-section elementor-element elementor-element-04f7f5e elementor-section-boxed elementor-section-height-default elementor-section-height-default\" data-id=\"04f7f5e\" data-element_type=\"section\" data-e-type=\"section\">\n\t\t\t\t\t\t<div class=\"elementor-container elementor-column-gap-default\">\n\t\t\t\t\t<div class=\"elementor-column elementor-col-100 elementor-top-column elementor-element elementor-element-91e12be\" data-id=\"91e12be\" data-element_type=\"column\" data-e-type=\"column\">\n\t\t\t<div class=\"elementor-widget-wrap elementor-element-populated\">\n\t\t\t\t\t\t<div class=\"elementor-element elementor-element-92127e0 elementor-widget elementor-widget-heading\" data-id=\"92127e0\" data-element_type=\"widget\" data-e-type=\"widget\" data-widget_type=\"heading.default\">\n\t\t\t\t<div class=\"elementor-widget-container\">\n\t\t\t\t\t<h1 class=\"elementor-heading-title elementor-size-default\">\u00c9ste soy yo<\/h1>\t\t\t\t<\/div>\n\t\t\t\t<\/div>\n\t\t\t\t\t<\/div>\n\t\t<\/div>\n\t\t\t\t\t<\/div>\n\t\t<\/section>\n\t\t\t\t<section class=\"elementor-section elementor-top-section elementor-element elementor-element-de37571 elementor-section-boxed elementor-section-height-default elementor-section-height-default\" data-id=\"de37571\" data-element_type=\"section\" data-e-type=\"section\">\n\t\t\t\t\t\t<div class=\"elementor-container elementor-column-gap-default\">\n\t\t\t\t\t<div class=\"elementor-column elementor-col-100 elementor-top-column elementor-element elementor-element-1d6afe0\" data-id=\"1d6afe0\" data-element_type=\"column\" data-e-type=\"column\">\n\t\t\t<div class=\"elementor-widget-wrap elementor-element-populated\">\n\t\t\t\t\t\t<div class=\"elementor-element elementor-element-40adf0a elementor-widget-divider--view-line_icon elementor-view-default elementor-widget-divider--element-align-center elementor-widget elementor-widget-divider\" data-id=\"40adf0a\" data-element_type=\"widget\" data-e-type=\"widget\" data-widget_type=\"divider.default\">\n\t\t\t\t<div class=\"elementor-widget-container\">\n\t\t\t\t\t\t\t<div class=\"elementor-divider\">\n\t\t\t<span class=\"elementor-divider-separator\">\n\t\t\t\t\t\t\t<div class=\"elementor-icon elementor-divider__element\">\n\t\t\t\t\t<i aria-hidden=\"true\" class=\"fas fa-pencil-alt\"><\/i><\/div>\n\t\t\t\t\t\t<\/span>\n\t\t<\/div>\n\t\t\t\t\t\t<\/div>\n\t\t\t\t<\/div>\n\t\t\t\t\t<\/div>\n\t\t<\/div>\n\t\t\t\t\t<\/div>\n\t\t<\/section>\n\t\t\t\t<section class=\"elementor-section elementor-top-section elementor-element elementor-element-3816eec elementor-section-boxed elementor-section-height-default elementor-section-height-default\" data-id=\"3816eec\" data-element_type=\"section\" data-e-type=\"section\">\n\t\t\t\t\t\t<div class=\"elementor-container elementor-column-gap-default\">\n\t\t\t\t\t<div class=\"elementor-column elementor-col-100 elementor-top-column elementor-element elementor-element-8ec1917\" data-id=\"8ec1917\" data-element_type=\"column\" data-e-type=\"column\">\n\t\t\t<div class=\"elementor-widget-wrap elementor-element-populated\">\n\t\t\t\t\t\t<div class=\"elementor-element elementor-element-57cb03c elementor-widget elementor-widget-text-editor\" data-id=\"57cb03c\" data-element_type=\"widget\" data-e-type=\"widget\" data-widget_type=\"text-editor.default\">\n\t\t\t\t<div class=\"elementor-widget-container\">\n\t\t\t\t\t\t\t\t\t<p>\u00c9rase una vez un peque\u00f1o diablillo inquieto y bromista que desde bien temprano comenz\u00f3 a escribir las aventuras que viv\u00eda con sus amigos del colegio. Su pasi\u00f3n por viajar y por contar historias con fotos le llev\u00f3 a utilizar su peque\u00f1a c\u00e1mara como fiel herramienta para retratar otros lugares<\/p><p>Pero su esp\u00edritu inquieto le movi\u00f3 a seguir aprendiendo para narrar historias de forma diferente. As\u00ed conoci\u00f3 y se desarroll\u00f3 en diversas disciplinas como la magia, el teatro y la escritura<\/p><p>Cuentan que un d\u00eda el (no tan peque\u00f1o) diablillo se interes\u00f3 por el arte de la fotograf\u00eda y que en ella encontr\u00f3 la mejor forma de expresar lo que sent\u00eda<\/p><p>Y dicen que desde aquel d\u00eda utiliza la fotograf\u00eda para, de nuevo, hacer magia&#8230; convirtiendo las im\u00e1genes en emocionantes historias inolvidables\u2026<\/p>\t\t\t\t\t\t\t\t<\/div>\n\t\t\t\t<\/div>\n\t\t\t\t\t<\/div>\n\t\t<\/div>\n\t\t\t\t\t<\/div>\n\t\t<\/section>\n\t\t\t\t<section class=\"elementor-section elementor-top-section elementor-element elementor-element-36b6523 elementor-section-boxed elementor-section-height-default elementor-section-height-default\" data-id=\"36b6523\" data-element_type=\"section\" data-e-type=\"section\">\n\t\t\t\t\t\t<div class=\"elementor-container elementor-column-gap-default\">\n\t\t\t\t\t<div class=\"elementor-column elementor-col-100 elementor-top-column elementor-element elementor-element-d4eee76\" data-id=\"d4eee76\" data-element_type=\"column\" data-e-type=\"column\">\n\t\t\t<div class=\"elementor-widget-wrap elementor-element-populated\">\n\t\t\t\t\t\t<div class=\"elementor-element elementor-element-3f1caba elementor-widget elementor-widget-image\" data-id=\"3f1caba\" data-element_type=\"widget\" data-e-type=\"widget\" data-widget_type=\"image.default\">\n\t\t\t\t<div class=\"elementor-widget-container\">\n\t\t\t\t\t\t\t\t\t\t\t\t\t\t\t<img fetchpriority=\"high\" decoding=\"async\" width=\"1024\" height=\"341\" src=\"https:\/\/www.fotocontando.es\/wp-content\/uploads\/2021\/08\/cropped-mi-yo-profesional-1024x341.jpg\" class=\"attachment-large size-large wp-image-402\" alt=\"Contar historias con fotos y video\" srcset=\"https:\/\/www.fotocontando.es\/wp-content\/uploads\/2021\/08\/cropped-mi-yo-profesional-1024x341.jpg 1024w, https:\/\/www.fotocontando.es\/wp-content\/uploads\/2021\/08\/cropped-mi-yo-profesional-300x100.jpg 300w, https:\/\/www.fotocontando.es\/wp-content\/uploads\/2021\/08\/cropped-mi-yo-profesional-768x256.jpg 768w, https:\/\/www.fotocontando.es\/wp-content\/uploads\/2021\/08\/cropped-mi-yo-profesional-1536x512.jpg 1536w, https:\/\/www.fotocontando.es\/wp-content\/uploads\/2021\/08\/cropped-mi-yo-profesional-610x203.jpg 610w, https:\/\/www.fotocontando.es\/wp-content\/uploads\/2021\/08\/cropped-mi-yo-profesional.jpg 1581w\" sizes=\"(max-width: 1024px) 100vw, 1024px\" \/>\t\t\t\t\t\t\t\t\t\t\t\t\t\t\t<\/div>\n\t\t\t\t<\/div>\n\t\t\t\t\t<\/div>\n\t\t<\/div>\n\t\t\t\t\t<\/div>\n\t\t<\/section>\n\t\t\t\t<section class=\"elementor-section elementor-top-section elementor-element elementor-element-6ca0f84 elementor-section-boxed elementor-section-height-default elementor-section-height-default\" data-id=\"6ca0f84\" data-element_type=\"section\" data-e-type=\"section\">\n\t\t\t\t\t\t<div class=\"elementor-container elementor-column-gap-default\">\n\t\t\t\t\t<div class=\"elementor-column elementor-col-100 elementor-top-column elementor-element elementor-element-f35a9e1\" data-id=\"f35a9e1\" data-element_type=\"column\" data-e-type=\"column\">\n\t\t\t<div class=\"elementor-widget-wrap elementor-element-populated\">\n\t\t\t\t\t\t<div class=\"elementor-element elementor-element-b6bf134 elementor-widget-divider--view-line_icon elementor-view-default elementor-widget-divider--element-align-center elementor-widget elementor-widget-divider\" data-id=\"b6bf134\" data-element_type=\"widget\" data-e-type=\"widget\" data-widget_type=\"divider.default\">\n\t\t\t\t<div class=\"elementor-widget-container\">\n\t\t\t\t\t\t\t<div class=\"elementor-divider\">\n\t\t\t<span class=\"elementor-divider-separator\">\n\t\t\t\t\t\t\t<div class=\"elementor-icon elementor-divider__element\">\n\t\t\t\t\t<i aria-hidden=\"true\" class=\"fas fa-pencil-alt\"><\/i><\/div>\n\t\t\t\t\t\t<\/span>\n\t\t<\/div>\n\t\t\t\t\t\t<\/div>\n\t\t\t\t<\/div>\n\t\t\t\t\t<\/div>\n\t\t<\/div>\n\t\t\t\t\t<\/div>\n\t\t<\/section>\n\t\t\t\t<section class=\"elementor-section elementor-top-section elementor-element elementor-element-8e5f963 elementor-section-boxed elementor-section-height-default elementor-section-height-default\" data-id=\"8e5f963\" data-element_type=\"section\" data-e-type=\"section\">\n\t\t\t\t\t\t<div class=\"elementor-container elementor-column-gap-default\">\n\t\t\t\t\t<div class=\"elementor-column elementor-col-100 elementor-top-column elementor-element elementor-element-49c20f8\" data-id=\"49c20f8\" data-element_type=\"column\" data-e-type=\"column\">\n\t\t\t<div class=\"elementor-widget-wrap elementor-element-populated\">\n\t\t\t\t\t\t<div class=\"elementor-element elementor-element-6438f74 elementor-widget elementor-widget-text-editor\" data-id=\"6438f74\" data-element_type=\"widget\" data-e-type=\"widget\" data-widget_type=\"text-editor.default\">\n\t\t\t\t<div class=\"elementor-widget-container\">\n\t\t\t\t\t\t\t\t\t<p>Mi nombre es Tony y, tras un camino lleno de aprendizajes en otras artes, en 2015 comenc\u00e9 a formarme en el mundo de la fotograf\u00eda<\/p><p>Tras estudiar en varias escuelas madrile\u00f1as de fotograf\u00eda, aprendiendo con algunos de los mejores profesionales en diferentes disciplinas, decid\u00ed centrarme en la fotograf\u00eda social. En ella encuentro maravillosas historias que contar: parejas de enamorados, familias disfrutando de sus hijos o esperando a su reto\u00f1o, personas mayores celebrando su aniversario<\/p><p>Mi paso por la magia, el teatro y el relato breve me ha permitido desarrollar mi creatividad y saber conectar con el p\u00fablico infantil.\u00a0<span style=\"font-style: inherit; font-weight: inherit;\">Tambi\u00e9n gracias a esas disciplinas he aprendido bien las diferentes herramientas narrativas para contar buenas historias. Todo esto me permite contar historias con fotos y video de una manera m\u00e1s completa<\/span><\/p>\t\t\t\t\t\t\t\t<\/div>\n\t\t\t\t<\/div>\n\t\t\t\t\t<\/div>\n\t\t<\/div>\n\t\t\t\t\t<\/div>\n\t\t<\/section>\n\t\t\t\t<section class=\"elementor-section elementor-top-section elementor-element elementor-element-a6f30d8 elementor-section-boxed elementor-section-height-default elementor-section-height-default\" data-id=\"a6f30d8\" data-element_type=\"section\" data-e-type=\"section\">\n\t\t\t\t\t\t<div class=\"elementor-container elementor-column-gap-default\">\n\t\t\t\t\t<div class=\"elementor-column elementor-col-100 elementor-top-column elementor-element elementor-element-81f5344\" data-id=\"81f5344\" data-element_type=\"column\" data-e-type=\"column\">\n\t\t\t<div class=\"elementor-widget-wrap elementor-element-populated\">\n\t\t\t\t\t\t<div class=\"elementor-element elementor-element-b479055 elementor-widget elementor-widget-shortcode\" data-id=\"b479055\" data-element_type=\"widget\" data-e-type=\"widget\" data-widget_type=\"shortcode.default\">\n\t\t\t\t<div class=\"elementor-widget-container\">\n\t\t\t\t\t\t\t<div class=\"elementor-shortcode\"><pre class=\"ti-widget\"><template id=\"trustindex-google-widget-html\"><div class=\" ti-widget  ti-goog ti-no-profile-img ti-disable-font ti-show-rating-text ti-review-text-mode-readmore ti-text-align-left\" data-no-translation=\"true\" data-plugin-version=\"13.2.8\" data-layout-id=\"34\" data-layout-category=\"slider\" data-set-id=\"drop-shadow\" data-pid=\"\" data-language=\"es\" data-close-locale=\"Cerca\" data-review-target-width=\"300\" data-css-version=\"2\" data-reply-by-locale=\"Respuesta del propietario\" data-only-rating-locale=\"Esta usuario solo dej\u00f3 una calificaci\u00f3n.\" data-pager-autoplay-timeout=\"6\"> <div class=\"ti-widget-container ti-col-3\"> <div class=\"ti-header ti-header-grid source-Google\"> <div class=\"ti-fade-container\"> <div class=\"ti-rating-text\"> <strong class=\"ti-rating ti-rating-large\"> EXCELENTE <\/strong> <\/div> <span class=\"ti-stars star-lg\"><trustindex-image class=\"ti-star\" data-imgurl=\"https:\/\/cdn.trustindex.io\/assets\/platform\/Google\/star\/f.svg\" alt=\"Google\" width=\"17\" height=\"17\" loading=\"lazy\"><\/trustindex-image><trustindex-image class=\"ti-star\" data-imgurl=\"https:\/\/cdn.trustindex.io\/assets\/platform\/Google\/star\/f.svg\" alt=\"Google\" width=\"17\" height=\"17\" loading=\"lazy\"><\/trustindex-image><trustindex-image class=\"ti-star\" data-imgurl=\"https:\/\/cdn.trustindex.io\/assets\/platform\/Google\/star\/f.svg\" alt=\"Google\" width=\"17\" height=\"17\" loading=\"lazy\"><\/trustindex-image><trustindex-image class=\"ti-star\" data-imgurl=\"https:\/\/cdn.trustindex.io\/assets\/platform\/Google\/star\/f.svg\" alt=\"Google\" width=\"17\" height=\"17\" loading=\"lazy\"><\/trustindex-image><trustindex-image class=\"ti-star\" data-imgurl=\"https:\/\/cdn.trustindex.io\/assets\/platform\/Google\/star\/f.svg\" alt=\"Google\" width=\"17\" height=\"17\" loading=\"lazy\"><\/trustindex-image><\/span> <div class=\"ti-rating-text\"> <span class=\"nowrap\">A base de <strong>8 rese\u00f1as<\/strong><\/span> <\/div> <div class=\"ti-large-logo\"> <div class=\"ti-v-center\"> <trustindex-image class=\"ti-logo-fb\" data-imgurl=\"https:\/\/cdn.trustindex.io\/assets\/platform\/Google\/logo.svg\" width=\"150\" height=\"25\" loading=\"lazy\" alt=\"Google\"><\/trustindex-image> <\/div> <\/div> <\/div> <\/div> <div class=\"ti-reviews-container\"> <div class=\"ti-controls\"> <div class=\"ti-next\" aria-label=\"Siguiente rese\u00f1a\" role=\"button\" tabindex=\"0\"><\/div> <div class=\"ti-prev\" aria-label=\"Rese\u00f1a anterior\" role=\"button\" tabindex=\"0\"><\/div> <\/div> <div class=\"ti-reviews-container-wrapper\">  <div data-empty=\"0\" class=\"ti-review-item source-Google ti-image-layout-thumbnail\" data-id=\"cfcd208495d565ef66e7dff9f98764da\"> <div class=\"ti-inner\"> <div class=\"ti-review-header\"> <div class=\"ti-platform-icon ti-with-tooltip\"> <span class=\"ti-tooltip\">Publicado en <\/span> <trustindex-image data-imgurl=\"https:\/\/cdn.trustindex.io\/assets\/platform\/Google\/icon.svg\" alt=\"\" width=\"20\" height=\"20\" loading=\"lazy\"><\/trustindex-image> <\/div>  <div class=\"ti-profile-details\"> <div class=\"ti-name\"> Alba Malag\u00f3n D\u00edaz <\/div> <div class=\"ti-date\">02\/11\/2023<\/div> <\/div> <\/div> <span class=\"ti-stars\"><trustindex-image class=\"ti-star\" data-imgurl=\"https:\/\/cdn.trustindex.io\/assets\/platform\/Google\/star\/f.svg\" alt=\"Google\" width=\"17\" height=\"17\" loading=\"lazy\"><\/trustindex-image><trustindex-image class=\"ti-star\" data-imgurl=\"https:\/\/cdn.trustindex.io\/assets\/platform\/Google\/star\/f.svg\" alt=\"Google\" width=\"17\" height=\"17\" loading=\"lazy\"><\/trustindex-image><trustindex-image class=\"ti-star\" data-imgurl=\"https:\/\/cdn.trustindex.io\/assets\/platform\/Google\/star\/f.svg\" alt=\"Google\" width=\"17\" height=\"17\" loading=\"lazy\"><\/trustindex-image><trustindex-image class=\"ti-star\" data-imgurl=\"https:\/\/cdn.trustindex.io\/assets\/platform\/Google\/star\/f.svg\" alt=\"Google\" width=\"17\" height=\"17\" loading=\"lazy\"><\/trustindex-image><trustindex-image class=\"ti-star\" data-imgurl=\"https:\/\/cdn.trustindex.io\/assets\/platform\/Google\/star\/f.svg\" alt=\"Google\" width=\"17\" height=\"17\" loading=\"lazy\"><\/trustindex-image><\/span> <div class=\"ti-review-text-container ti-review-content\"><!-- R-CONTENT -->Buen\u00edsima experiencia trabajar contigo, Tony! Much\u00edsimas gracias por unas fotos tan bonitas. Fdo: la hermana de la boda de \u00d3scar y Bel\u00e9n \ud83d\ude09<!-- R-CONTENT --><\/div> <span class=\"ti-read-more\" data-container=\".ti-review-content\" data-collapse-text=\"Ocultar\" data-open-text=\"Leer m\u00e1s\"><\/span> <\/div> <\/div>  <div data-empty=\"0\" class=\"ti-review-item source-Google ti-image-layout-thumbnail\" data-id=\"cfcd208495d565ef66e7dff9f98764da\"> <div class=\"ti-inner\"> <div class=\"ti-review-header\"> <div class=\"ti-platform-icon ti-with-tooltip\"> <span class=\"ti-tooltip\">Publicado en <\/span> <trustindex-image data-imgurl=\"https:\/\/cdn.trustindex.io\/assets\/platform\/Google\/icon.svg\" alt=\"\" width=\"20\" height=\"20\" loading=\"lazy\"><\/trustindex-image> <\/div>  <div class=\"ti-profile-details\"> <div class=\"ti-name\"> Lidia Arribas Ayuso <\/div> <div class=\"ti-date\">10\/10\/2023<\/div> <\/div> <\/div> <span class=\"ti-stars\"><trustindex-image class=\"ti-star\" data-imgurl=\"https:\/\/cdn.trustindex.io\/assets\/platform\/Google\/star\/f.svg\" alt=\"Google\" width=\"17\" height=\"17\" loading=\"lazy\"><\/trustindex-image><trustindex-image class=\"ti-star\" data-imgurl=\"https:\/\/cdn.trustindex.io\/assets\/platform\/Google\/star\/f.svg\" alt=\"Google\" width=\"17\" height=\"17\" loading=\"lazy\"><\/trustindex-image><trustindex-image class=\"ti-star\" data-imgurl=\"https:\/\/cdn.trustindex.io\/assets\/platform\/Google\/star\/f.svg\" alt=\"Google\" width=\"17\" height=\"17\" loading=\"lazy\"><\/trustindex-image><trustindex-image class=\"ti-star\" data-imgurl=\"https:\/\/cdn.trustindex.io\/assets\/platform\/Google\/star\/f.svg\" alt=\"Google\" width=\"17\" height=\"17\" loading=\"lazy\"><\/trustindex-image><trustindex-image class=\"ti-star\" data-imgurl=\"https:\/\/cdn.trustindex.io\/assets\/platform\/Google\/star\/f.svg\" alt=\"Google\" width=\"17\" height=\"17\" loading=\"lazy\"><\/trustindex-image><\/span> <div class=\"ti-review-text-container ti-review-content\"><!-- R-CONTENT -->Todo lo que puedo decir son cosas buenas. Tony es un profesional increible. Cubri\u00f3 toda nuestra boda y solo puedo decir que las fotos han sido espectaculares. Retratando cada momento y cada rinc\u00f3n. Verlas es volver a ese d\u00eda, revivir de nuevo cada momento pudiendo disfrutar de la expresi\u00f3n y el sentimiento de todo el mundo (que en un d\u00eda as\u00ed, te pierdes sin querer muchas cosas, por eso lo que nuestros ojos no alcanzaron a ver, lo vieron los suyos y el objetivo de su c\u00e1mara)\nReportaje con una gran esencia y mucha sensibilidad. Puro arte. Un profesional amable, cercano y que se nota que le pone mucho amor y pasi\u00f3n a su trabajo. El resultado es incre\u00edble. Gracias por tu trabajo y tu cari\u00f1o Tony. Contar\u00edamos contigo una y mil veces.<!-- R-CONTENT --><\/div> <span class=\"ti-read-more\" data-container=\".ti-review-content\" data-collapse-text=\"Ocultar\" data-open-text=\"Leer m\u00e1s\"><\/span> <\/div> <\/div>  <div data-empty=\"0\" class=\"ti-review-item source-Google ti-image-layout-thumbnail\" data-id=\"cfcd208495d565ef66e7dff9f98764da\"> <div class=\"ti-inner\"> <div class=\"ti-review-header\"> <div class=\"ti-platform-icon ti-with-tooltip\"> <span class=\"ti-tooltip\">Publicado en <\/span> <trustindex-image data-imgurl=\"https:\/\/cdn.trustindex.io\/assets\/platform\/Google\/icon.svg\" alt=\"\" width=\"20\" height=\"20\" loading=\"lazy\"><\/trustindex-image> <\/div>  <div class=\"ti-profile-details\"> <div class=\"ti-name\"> Belen Sanchez <\/div> <div class=\"ti-date\">19\/09\/2023<\/div> <\/div> <\/div> <span class=\"ti-stars\"><trustindex-image class=\"ti-star\" data-imgurl=\"https:\/\/cdn.trustindex.io\/assets\/platform\/Google\/star\/f.svg\" alt=\"Google\" width=\"17\" height=\"17\" loading=\"lazy\"><\/trustindex-image><trustindex-image class=\"ti-star\" data-imgurl=\"https:\/\/cdn.trustindex.io\/assets\/platform\/Google\/star\/f.svg\" alt=\"Google\" width=\"17\" height=\"17\" loading=\"lazy\"><\/trustindex-image><trustindex-image class=\"ti-star\" data-imgurl=\"https:\/\/cdn.trustindex.io\/assets\/platform\/Google\/star\/f.svg\" alt=\"Google\" width=\"17\" height=\"17\" loading=\"lazy\"><\/trustindex-image><trustindex-image class=\"ti-star\" data-imgurl=\"https:\/\/cdn.trustindex.io\/assets\/platform\/Google\/star\/f.svg\" alt=\"Google\" width=\"17\" height=\"17\" loading=\"lazy\"><\/trustindex-image><trustindex-image class=\"ti-star\" data-imgurl=\"https:\/\/cdn.trustindex.io\/assets\/platform\/Google\/star\/f.svg\" alt=\"Google\" width=\"17\" height=\"17\" loading=\"lazy\"><\/trustindex-image><\/span> <div class=\"ti-review-text-container ti-review-content\"><!-- R-CONTENT -->Tony es s\u00faper profesional, amable y paciente, es un autentico encanto y hace fotos increibles. Fue un placer contar con el en nuestro gran d\u00eda, no podr\u00edamos haber elegido mejor!<!-- R-CONTENT --><\/div> <span class=\"ti-read-more\" data-container=\".ti-review-content\" data-collapse-text=\"Ocultar\" data-open-text=\"Leer m\u00e1s\"><\/span> <\/div> <\/div>  <div data-empty=\"0\" class=\"ti-review-item source-Google ti-image-layout-thumbnail\" data-id=\"cfcd208495d565ef66e7dff9f98764da\"> <div class=\"ti-inner\"> <div class=\"ti-review-header\"> <div class=\"ti-platform-icon ti-with-tooltip\"> <span class=\"ti-tooltip\">Publicado en <\/span> <trustindex-image data-imgurl=\"https:\/\/cdn.trustindex.io\/assets\/platform\/Google\/icon.svg\" alt=\"\" width=\"20\" height=\"20\" loading=\"lazy\"><\/trustindex-image> <\/div>  <div class=\"ti-profile-details\"> <div class=\"ti-name\"> Jos\u00e9 Manuel Ballesteros Guisado <\/div> <div class=\"ti-date\">14\/05\/2023<\/div> <\/div> <\/div> <span class=\"ti-stars\"><trustindex-image class=\"ti-star\" data-imgurl=\"https:\/\/cdn.trustindex.io\/assets\/platform\/Google\/star\/f.svg\" alt=\"Google\" width=\"17\" height=\"17\" loading=\"lazy\"><\/trustindex-image><trustindex-image class=\"ti-star\" data-imgurl=\"https:\/\/cdn.trustindex.io\/assets\/platform\/Google\/star\/f.svg\" alt=\"Google\" width=\"17\" height=\"17\" loading=\"lazy\"><\/trustindex-image><trustindex-image class=\"ti-star\" data-imgurl=\"https:\/\/cdn.trustindex.io\/assets\/platform\/Google\/star\/f.svg\" alt=\"Google\" width=\"17\" height=\"17\" loading=\"lazy\"><\/trustindex-image><trustindex-image class=\"ti-star\" data-imgurl=\"https:\/\/cdn.trustindex.io\/assets\/platform\/Google\/star\/f.svg\" alt=\"Google\" width=\"17\" height=\"17\" loading=\"lazy\"><\/trustindex-image><trustindex-image class=\"ti-star\" data-imgurl=\"https:\/\/cdn.trustindex.io\/assets\/platform\/Google\/star\/f.svg\" alt=\"Google\" width=\"17\" height=\"17\" loading=\"lazy\"><\/trustindex-image><\/span> <div class=\"ti-review-text-container ti-review-content\"><!-- R-CONTENT -->Fant\u00e1stico! No solo las fotos pero la sesi\u00f3n. Tony es s\u00faper flexible y atento a los detalles. Su secreto es hablar contigo y llegar a saber que es lo que quieres, h un poco quienes somos\u2026 y con su visi\u00f3n y experiencia, siempre tiene una buena sugerencia para sacar esa foto que te dejar\u00e1 impresionado\n\nMuy recomendable! Muchas gracias, Tony<!-- R-CONTENT --><\/div> <span class=\"ti-read-more\" data-container=\".ti-review-content\" data-collapse-text=\"Ocultar\" data-open-text=\"Leer m\u00e1s\"><\/span> <\/div> <\/div>  <div data-empty=\"0\" class=\"ti-review-item source-Google ti-image-layout-thumbnail\" data-id=\"cfcd208495d565ef66e7dff9f98764da\"> <div class=\"ti-inner\"> <div class=\"ti-review-header\"> <div class=\"ti-platform-icon ti-with-tooltip\"> <span class=\"ti-tooltip\">Publicado en <\/span> <trustindex-image data-imgurl=\"https:\/\/cdn.trustindex.io\/assets\/platform\/Google\/icon.svg\" alt=\"\" width=\"20\" height=\"20\" loading=\"lazy\"><\/trustindex-image> <\/div>  <div class=\"ti-profile-details\"> <div class=\"ti-name\"> Sonia Pe\u00f1a <\/div> <div class=\"ti-date\">16\/12\/2022<\/div> <\/div> <\/div> <span class=\"ti-stars\"><trustindex-image class=\"ti-star\" data-imgurl=\"https:\/\/cdn.trustindex.io\/assets\/platform\/Google\/star\/f.svg\" alt=\"Google\" width=\"17\" height=\"17\" loading=\"lazy\"><\/trustindex-image><trustindex-image class=\"ti-star\" data-imgurl=\"https:\/\/cdn.trustindex.io\/assets\/platform\/Google\/star\/f.svg\" alt=\"Google\" width=\"17\" height=\"17\" loading=\"lazy\"><\/trustindex-image><trustindex-image class=\"ti-star\" data-imgurl=\"https:\/\/cdn.trustindex.io\/assets\/platform\/Google\/star\/f.svg\" alt=\"Google\" width=\"17\" height=\"17\" loading=\"lazy\"><\/trustindex-image><trustindex-image class=\"ti-star\" data-imgurl=\"https:\/\/cdn.trustindex.io\/assets\/platform\/Google\/star\/f.svg\" alt=\"Google\" width=\"17\" height=\"17\" loading=\"lazy\"><\/trustindex-image><trustindex-image class=\"ti-star\" data-imgurl=\"https:\/\/cdn.trustindex.io\/assets\/platform\/Google\/star\/f.svg\" alt=\"Google\" width=\"17\" height=\"17\" loading=\"lazy\"><\/trustindex-image><\/span> <div class=\"ti-review-text-container ti-review-content\"><!-- R-CONTENT -->Gran profesional con el que hemos contado para varias sesiones de fotos en familia y nos ha encantado. Nos lo recomendaron y hemos obtenido un resultado mucho mejor que el que habr\u00eda podido imaginar. S\u00faper respetuoso, amable y cercano. No pod\u00edamos haber elegido mejor. Muy recomendable.<!-- R-CONTENT --><\/div> <span class=\"ti-read-more\" data-container=\".ti-review-content\" data-collapse-text=\"Ocultar\" data-open-text=\"Leer m\u00e1s\"><\/span> <\/div> <\/div>  <div data-empty=\"0\" class=\"ti-review-item source-Google ti-image-layout-thumbnail\" data-id=\"cfcd208495d565ef66e7dff9f98764da\"> <div class=\"ti-inner\"> <div class=\"ti-review-header\"> <div class=\"ti-platform-icon ti-with-tooltip\"> <span class=\"ti-tooltip\">Publicado en <\/span> <trustindex-image data-imgurl=\"https:\/\/cdn.trustindex.io\/assets\/platform\/Google\/icon.svg\" alt=\"\" width=\"20\" height=\"20\" loading=\"lazy\"><\/trustindex-image> <\/div>  <div class=\"ti-profile-details\"> <div class=\"ti-name\"> jeeennf <\/div> <div class=\"ti-date\">08\/12\/2022<\/div> <\/div> <\/div> <span class=\"ti-stars\"><trustindex-image class=\"ti-star\" data-imgurl=\"https:\/\/cdn.trustindex.io\/assets\/platform\/Google\/star\/f.svg\" alt=\"Google\" width=\"17\" height=\"17\" loading=\"lazy\"><\/trustindex-image><trustindex-image class=\"ti-star\" data-imgurl=\"https:\/\/cdn.trustindex.io\/assets\/platform\/Google\/star\/f.svg\" alt=\"Google\" width=\"17\" height=\"17\" loading=\"lazy\"><\/trustindex-image><trustindex-image class=\"ti-star\" data-imgurl=\"https:\/\/cdn.trustindex.io\/assets\/platform\/Google\/star\/f.svg\" alt=\"Google\" width=\"17\" height=\"17\" loading=\"lazy\"><\/trustindex-image><trustindex-image class=\"ti-star\" data-imgurl=\"https:\/\/cdn.trustindex.io\/assets\/platform\/Google\/star\/f.svg\" alt=\"Google\" width=\"17\" height=\"17\" loading=\"lazy\"><\/trustindex-image><trustindex-image class=\"ti-star\" data-imgurl=\"https:\/\/cdn.trustindex.io\/assets\/platform\/Google\/star\/f.svg\" alt=\"Google\" width=\"17\" height=\"17\" loading=\"lazy\"><\/trustindex-image><\/span> <div class=\"ti-review-text-container ti-review-content\"><!-- R-CONTENT -->Tengo que decir que como Fotografo he topado con el mejor, ha sabido captar cada momento en una imagen y en un recuerdo para toda la vida super bonito, pero como persona, ha sido maravilloso, cercano, atento.. y gracias a eso han salido unas fotos espectaculares! Estamos muy contentos con los resultados y volveriamos a repetir una y otra vez oara cualquier ocasion! Muchas gracias de verdad!<!-- R-CONTENT --><\/div> <span class=\"ti-read-more\" data-container=\".ti-review-content\" data-collapse-text=\"Ocultar\" data-open-text=\"Leer m\u00e1s\"><\/span> <\/div> <\/div>  <div data-empty=\"0\" class=\"ti-review-item source-Google ti-image-layout-thumbnail\" data-id=\"cfcd208495d565ef66e7dff9f98764da\"> <div class=\"ti-inner\"> <div class=\"ti-review-header\"> <div class=\"ti-platform-icon ti-with-tooltip\"> <span class=\"ti-tooltip\">Publicado en <\/span> <trustindex-image data-imgurl=\"https:\/\/cdn.trustindex.io\/assets\/platform\/Google\/icon.svg\" alt=\"\" width=\"20\" height=\"20\" loading=\"lazy\"><\/trustindex-image> <\/div>  <div class=\"ti-profile-details\"> <div class=\"ti-name\"> Jes\u00fas Martin \u00c1lvarez <\/div> <div class=\"ti-date\">09\/09\/2021<\/div> <\/div> <\/div> <span class=\"ti-stars\"><trustindex-image class=\"ti-star\" data-imgurl=\"https:\/\/cdn.trustindex.io\/assets\/platform\/Google\/star\/f.svg\" alt=\"Google\" width=\"17\" height=\"17\" loading=\"lazy\"><\/trustindex-image><trustindex-image class=\"ti-star\" data-imgurl=\"https:\/\/cdn.trustindex.io\/assets\/platform\/Google\/star\/f.svg\" alt=\"Google\" width=\"17\" height=\"17\" loading=\"lazy\"><\/trustindex-image><trustindex-image class=\"ti-star\" data-imgurl=\"https:\/\/cdn.trustindex.io\/assets\/platform\/Google\/star\/f.svg\" alt=\"Google\" width=\"17\" height=\"17\" loading=\"lazy\"><\/trustindex-image><trustindex-image class=\"ti-star\" data-imgurl=\"https:\/\/cdn.trustindex.io\/assets\/platform\/Google\/star\/f.svg\" alt=\"Google\" width=\"17\" height=\"17\" loading=\"lazy\"><\/trustindex-image><trustindex-image class=\"ti-star\" data-imgurl=\"https:\/\/cdn.trustindex.io\/assets\/platform\/Google\/star\/f.svg\" alt=\"Google\" width=\"17\" height=\"17\" loading=\"lazy\"><\/trustindex-image><\/span> <div class=\"ti-review-text-container ti-review-content\"><!-- R-CONTENT -->Te hace sentirse uno mismo, de ah\u00ed  la naturalidad de las foros<!-- R-CONTENT --><\/div> <span class=\"ti-read-more\" data-container=\".ti-review-content\" data-collapse-text=\"Ocultar\" data-open-text=\"Leer m\u00e1s\"><\/span> <\/div> <\/div>  <\/div> <div class=\"ti-controls-line\"> <div class=\"dot\"><\/div> <\/div> <\/div>   <\/div> <\/div> <\/template><\/pre><div data-src=\"https:\/\/cdn.trustindex.io\/loader.js?wp-widget\" data-template-id=\"trustindex-google-widget-html\" data-css-url=\"https:\/\/www.fotocontando.es\/wp-content\/uploads\/trustindex-google-widget.css?1774553365\"><\/div><\/div>\n\t\t\t\t\t\t<\/div>\n\t\t\t\t<\/div>\n\t\t\t\t\t<\/div>\n\t\t<\/div>\n\t\t\t\t\t<\/div>\n\t\t<\/section>\n\t\t\t\t<section class=\"elementor-section elementor-top-section elementor-element elementor-element-32ed076 elementor-section-boxed elementor-section-height-default elementor-section-height-default\" data-id=\"32ed076\" data-element_type=\"section\" data-e-type=\"section\">\n\t\t\t\t\t\t<div class=\"elementor-container elementor-column-gap-default\">\n\t\t\t\t\t<div class=\"elementor-column elementor-col-100 elementor-top-column elementor-element elementor-element-ce2b7ee\" data-id=\"ce2b7ee\" data-element_type=\"column\" data-e-type=\"column\">\n\t\t\t<div class=\"elementor-widget-wrap elementor-element-populated\">\n\t\t\t\t\t\t<div class=\"elementor-element elementor-element-a5ff701 elementor-widget elementor-widget-image\" data-id=\"a5ff701\" data-element_type=\"widget\" data-e-type=\"widget\" data-widget_type=\"image.default\">\n\t\t\t\t<div class=\"elementor-widget-container\">\n\t\t\t\t\t\t\t\t\t\t\t\t\t\t\t<img decoding=\"async\" width=\"150\" height=\"150\" src=\"https:\/\/www.fotocontando.es\/wp-content\/uploads\/2022\/12\/Certificado-Fotografos-de-boda_baja-150x150.png\" class=\"attachment-thumbnail size-thumbnail wp-image-2322\" alt=\"\" \/>\t\t\t\t\t\t\t\t\t\t\t\t\t\t\t<\/div>\n\t\t\t\t<\/div>\n\t\t\t\t\t<\/div>\n\t\t<\/div>\n\t\t\t\t\t<\/div>\n\t\t<\/section>\n\t\t\t\t<section class=\"elementor-section elementor-top-section elementor-element elementor-element-5b764f8 elementor-section-boxed elementor-section-height-default elementor-section-height-default\" data-id=\"5b764f8\" data-element_type=\"section\" data-e-type=\"section\">\n\t\t\t\t\t\t<div class=\"elementor-container elementor-column-gap-default\">\n\t\t\t\t\t<div class=\"elementor-column elementor-col-100 elementor-top-column elementor-element elementor-element-0bfd1fa\" data-id=\"0bfd1fa\" data-element_type=\"column\" data-e-type=\"column\">\n\t\t\t<div class=\"elementor-widget-wrap elementor-element-populated\">\n\t\t\t\t\t\t<div class=\"elementor-element elementor-element-c237312 elementor-align-center elementor-widget elementor-widget-button\" data-id=\"c237312\" data-element_type=\"widget\" data-e-type=\"widget\" data-widget_type=\"button.default\">\n\t\t\t\t<div class=\"elementor-widget-container\">\n\t\t\t\t\t\t\t\t\t<div class=\"elementor-button-wrapper\">\n\t\t\t\t\t<a class=\"elementor-button elementor-button-link elementor-size-md elementor-animation-pulse-grow\" href=\"https:\/\/fotocontando.es\/index.php\/contacta-conmigo\/\">\n\t\t\t\t\t\t<span class=\"elementor-button-content-wrapper\">\n\t\t\t\t\t\t<span class=\"elementor-button-icon\">\n\t\t\t\t<i aria-hidden=\"true\" class=\"fas fa-envelope\"><\/i>\t\t\t<\/span>\n\t\t\t\t\t\t\t\t\t<span class=\"elementor-button-text\">Para cualquier duda...<\/span>\n\t\t\t\t\t<\/span>\n\t\t\t\t\t<\/a>\n\t\t\t\t<\/div>\n\t\t\t\t\t\t\t\t<\/div>\n\t\t\t\t<\/div>\n\t\t\t\t\t<\/div>\n\t\t<\/div>\n\t\t\t\t\t<\/div>\n\t\t<\/section>\n\t\t\t\t<\/div>\n\t\t","protected":false},"excerpt":{"rendered":"<p>\u00c9ste soy yo \u00c9rase una vez un peque\u00f1o diablillo inquieto y bromista que desde bien temprano comenz\u00f3 a escribir las aventuras que viv\u00eda con sus amigos del colegio. Su pasi\u00f3n por viajar y por contar historias con fotos le llev\u00f3 a utilizar su peque\u00f1a c\u00e1mara como fiel herramienta para retratar otros lugares Pero su esp\u00edritu [&hellip;]<\/p>\n","protected":false},"author":1,"featured_media":0,"parent":0,"menu_order":0,"comment_status":"closed","ping_status":"closed","template":"","meta":{"site-sidebar-layout":"default","site-content-layout":"default","ast-site-content-layout":"","site-content-style":"default","site-sidebar-style":"default","ast-global-header-display":"","ast-banner-title-visibility":"","ast-main-header-display":"","ast-hfb-above-header-display":"","ast-hfb-below-header-display":"","ast-hfb-mobile-header-display":"","site-post-title":"disabled","ast-breadcrumbs-content":"","ast-featured-img":"","footer-sml-layout":"","theme-transparent-header-meta":"default","adv-header-id-meta":"","stick-header-meta":"","header-above-stick-meta":"","header-main-stick-meta":"","header-below-stick-meta":"","astra-migrate-meta-layouts":"default","ast-page-background-enabled":"default","ast-page-background-meta":{"desktop":{"background-color":"var(--ast-global-color-4)","background-image":"","background-repeat":"repeat","background-position":"center center","background-size":"auto","background-attachment":"scroll","background-type":"","background-media":"","overlay-type":"","overlay-color":"","overlay-opacity":"","overlay-gradient":""},"tablet":{"background-color":"","background-image":"","background-repeat":"repeat","background-position":"center center","background-size":"auto","background-attachment":"scroll","background-type":"","background-media":"","overlay-type":"","overlay-color":"","overlay-opacity":"","overlay-gradient":""},"mobile":{"background-color":"","background-image":"","background-repeat":"repeat","background-position":"center center","background-size":"auto","background-attachment":"scroll","background-type":"","background-media":"","overlay-type":"","overlay-color":"","overlay-opacity":"","overlay-gradient":""}},"ast-content-background-meta":{"desktop":{"background-color":"var(--ast-global-color-5)","background-image":"","background-repeat":"repeat","background-position":"center center","background-size":"auto","background-attachment":"scroll","background-type":"","background-media":"","overlay-type":"","overlay-color":"","overlay-opacity":"","overlay-gradient":""},"tablet":{"background-color":"var(--ast-global-color-5)","background-image":"","background-repeat":"repeat","background-position":"center center","background-size":"auto","background-attachment":"scroll","background-type":"","background-media":"","overlay-type":"","overlay-color":"","overlay-opacity":"","overlay-gradient":""},"mobile":{"background-color":"var(--ast-global-color-5)","background-image":"","background-repeat":"repeat","background-position":"center center","background-size":"auto","background-attachment":"scroll","background-type":"","background-media":"","overlay-type":"","overlay-color":"","overlay-opacity":"","overlay-gradient":""}},"footnotes":""},"class_list":["post-33","page","type-page","status-publish","hentry"],"yoast_head":"<!-- This site is optimized with the Yoast SEO plugin v27.2 - https:\/\/yoast.com\/product\/yoast-seo-wordpress\/ -->\n<title>\u00c9ste soy yo &#060; Fot\u00f3grafo y vide\u00f3grafo &#060; Contar historias con fotos<\/title>\n<meta name=\"description\" content=\"Mi nombre es Tony, vivo en Madrid y me gusta contar historias con fotos y video. Me he especializado en fotograf\u00eda social (parejas, familias)\" \/>\n<meta name=\"robots\" content=\"index, follow, max-snippet:-1, max-image-preview:large, max-video-preview:-1\" \/>\n<link rel=\"canonical\" href=\"https:\/\/www.fotocontando.es\/index.php\/este-soy-yo\/\" \/>\n<meta property=\"og:locale\" content=\"es_ES\" \/>\n<meta property=\"og:type\" content=\"article\" \/>\n<meta property=\"og:title\" content=\"\u00c9ste soy yo &#060; Fot\u00f3grafo y vide\u00f3grafo &#060; Contar historias con fotos\" \/>\n<meta property=\"og:description\" content=\"Mi nombre es Tony, vivo en Madrid y me gusta contar historias con fotos y video. Me he especializado en fotograf\u00eda social (parejas, familias)\" \/>\n<meta property=\"og:url\" content=\"https:\/\/www.fotocontando.es\/index.php\/este-soy-yo\/\" \/>\n<meta property=\"article:publisher\" content=\"https:\/\/www.facebook.com\/Fotocontando\/?ref=pages_you_manage\" \/>\n<meta property=\"article:modified_time\" content=\"2025-04-18T08:00:00+00:00\" \/>\n<meta property=\"og:image\" content=\"https:\/\/www.fotocontando.es\/wp-content\/uploads\/2021\/08\/cropped-mi-yo-profesional.jpg\" \/>\n\t<meta property=\"og:image:width\" content=\"1581\" \/>\n\t<meta property=\"og:image:height\" content=\"527\" \/>\n\t<meta property=\"og:image:type\" content=\"image\/jpeg\" \/>\n<meta name=\"twitter:card\" content=\"summary_large_image\" \/>\n<meta name=\"twitter:label1\" content=\"Tiempo de lectura\" \/>\n\t<meta name=\"twitter:data1\" content=\"2 minutos\" \/>\n<script type=\"application\/ld+json\" class=\"yoast-schema-graph\">{\"@context\":\"https:\/\/schema.org\",\"@graph\":[{\"@type\":\"WebPage\",\"@id\":\"https:\/\/www.fotocontando.es\/index.php\/este-soy-yo\/\",\"url\":\"https:\/\/www.fotocontando.es\/index.php\/este-soy-yo\/\",\"name\":\"\u00c9ste soy yo &#060; Fot\u00f3grafo y vide\u00f3grafo &#060; Contar historias con fotos\",\"isPartOf\":{\"@id\":\"https:\/\/www.fotocontando.es\/#website\"},\"primaryImageOfPage\":{\"@id\":\"https:\/\/www.fotocontando.es\/index.php\/este-soy-yo\/#primaryimage\"},\"image\":{\"@id\":\"https:\/\/www.fotocontando.es\/index.php\/este-soy-yo\/#primaryimage\"},\"thumbnailUrl\":\"https:\/\/www.fotocontando.es\/wp-content\/uploads\/2021\/08\/cropped-mi-yo-profesional-1024x341.jpg\",\"datePublished\":\"2020-12-07T17:35:59+00:00\",\"dateModified\":\"2025-04-18T08:00:00+00:00\",\"description\":\"Mi nombre es Tony, vivo en Madrid y me gusta contar historias con fotos y video. Me he especializado en fotograf\u00eda social (parejas, familias)\",\"breadcrumb\":{\"@id\":\"https:\/\/www.fotocontando.es\/index.php\/este-soy-yo\/#breadcrumb\"},\"inLanguage\":\"es\",\"potentialAction\":[{\"@type\":\"ReadAction\",\"target\":[\"https:\/\/www.fotocontando.es\/index.php\/este-soy-yo\/\"]}]},{\"@type\":\"ImageObject\",\"inLanguage\":\"es\",\"@id\":\"https:\/\/www.fotocontando.es\/index.php\/este-soy-yo\/#primaryimage\",\"url\":\"https:\/\/www.fotocontando.es\/wp-content\/uploads\/2021\/08\/cropped-mi-yo-profesional.jpg\",\"contentUrl\":\"https:\/\/www.fotocontando.es\/wp-content\/uploads\/2021\/08\/cropped-mi-yo-profesional.jpg\",\"width\":1581,\"height\":527,\"caption\":\"Contar historias con fotos y video\"},{\"@type\":\"BreadcrumbList\",\"@id\":\"https:\/\/www.fotocontando.es\/index.php\/este-soy-yo\/#breadcrumb\",\"itemListElement\":[{\"@type\":\"ListItem\",\"position\":1,\"name\":\"Portada\",\"item\":\"https:\/\/www.fotocontando.es\/\"},{\"@type\":\"ListItem\",\"position\":2,\"name\":\"\u00c9ste soy yo\"}]},{\"@type\":\"WebSite\",\"@id\":\"https:\/\/www.fotocontando.es\/#website\",\"url\":\"https:\/\/www.fotocontando.es\/\",\"name\":\"\",\"description\":\"Convirtiendo im\u00e1genes en historias inolvidables...\",\"publisher\":{\"@id\":\"https:\/\/www.fotocontando.es\/#\/schema\/person\/1e1cf689ec4caf86cf022e5df49c820d\"},\"potentialAction\":[{\"@type\":\"SearchAction\",\"target\":{\"@type\":\"EntryPoint\",\"urlTemplate\":\"https:\/\/www.fotocontando.es\/?s={search_term_string}\"},\"query-input\":{\"@type\":\"PropertyValueSpecification\",\"valueRequired\":true,\"valueName\":\"search_term_string\"}}],\"inLanguage\":\"es\"},{\"@type\":[\"Person\",\"Organization\"],\"@id\":\"https:\/\/www.fotocontando.es\/#\/schema\/person\/1e1cf689ec4caf86cf022e5df49c820d\",\"name\":\"Tony\",\"image\":{\"@type\":\"ImageObject\",\"inLanguage\":\"es\",\"@id\":\"https:\/\/www.fotocontando.es\/wp-content\/uploads\/2021\/10\/cropped-cropped-1.-Original-e1633114626294.png\",\"url\":\"https:\/\/www.fotocontando.es\/wp-content\/uploads\/2021\/10\/cropped-cropped-1.-Original-e1633114626294.png\",\"contentUrl\":\"https:\/\/www.fotocontando.es\/wp-content\/uploads\/2021\/10\/cropped-cropped-1.-Original-e1633114626294.png\",\"width\":250,\"height\":84,\"caption\":\"Tony\"},\"logo\":{\"@id\":\"https:\/\/www.fotocontando.es\/wp-content\/uploads\/2021\/10\/cropped-cropped-1.-Original-e1633114626294.png\"},\"sameAs\":[\"http:\/\/fotocontando.es\",\"https:\/\/www.facebook.com\/Fotocontando\/?ref=pages_you_manage\",\"https:\/\/www.instagram.com\/tony_fotocuentista\/\"]}]}<\/script>\n<!-- \/ Yoast SEO plugin. -->","yoast_head_json":{"title":"\u00c9ste soy yo &#060; Fot\u00f3grafo y vide\u00f3grafo &#060; Contar historias con fotos","description":"Mi nombre es Tony, vivo en Madrid y me gusta contar historias con fotos y video. Me he especializado en fotograf\u00eda social (parejas, familias)","robots":{"index":"index","follow":"follow","max-snippet":"max-snippet:-1","max-image-preview":"max-image-preview:large","max-video-preview":"max-video-preview:-1"},"canonical":"https:\/\/www.fotocontando.es\/index.php\/este-soy-yo\/","og_locale":"es_ES","og_type":"article","og_title":"\u00c9ste soy yo &#060; Fot\u00f3grafo y vide\u00f3grafo &#060; Contar historias con fotos","og_description":"Mi nombre es Tony, vivo en Madrid y me gusta contar historias con fotos y video. Me he especializado en fotograf\u00eda social (parejas, familias)","og_url":"https:\/\/www.fotocontando.es\/index.php\/este-soy-yo\/","article_publisher":"https:\/\/www.facebook.com\/Fotocontando\/?ref=pages_you_manage","article_modified_time":"2025-04-18T08:00:00+00:00","og_image":[{"width":1581,"height":527,"url":"https:\/\/www.fotocontando.es\/wp-content\/uploads\/2021\/08\/cropped-mi-yo-profesional.jpg","type":"image\/jpeg"}],"twitter_card":"summary_large_image","twitter_misc":{"Tiempo de lectura":"2 minutos"},"schema":{"@context":"https:\/\/schema.org","@graph":[{"@type":"WebPage","@id":"https:\/\/www.fotocontando.es\/index.php\/este-soy-yo\/","url":"https:\/\/www.fotocontando.es\/index.php\/este-soy-yo\/","name":"\u00c9ste soy yo &#060; Fot\u00f3grafo y vide\u00f3grafo &#060; Contar historias con fotos","isPartOf":{"@id":"https:\/\/www.fotocontando.es\/#website"},"primaryImageOfPage":{"@id":"https:\/\/www.fotocontando.es\/index.php\/este-soy-yo\/#primaryimage"},"image":{"@id":"https:\/\/www.fotocontando.es\/index.php\/este-soy-yo\/#primaryimage"},"thumbnailUrl":"https:\/\/www.fotocontando.es\/wp-content\/uploads\/2021\/08\/cropped-mi-yo-profesional-1024x341.jpg","datePublished":"2020-12-07T17:35:59+00:00","dateModified":"2025-04-18T08:00:00+00:00","description":"Mi nombre es Tony, vivo en Madrid y me gusta contar historias con fotos y video. Me he especializado en fotograf\u00eda social (parejas, familias)","breadcrumb":{"@id":"https:\/\/www.fotocontando.es\/index.php\/este-soy-yo\/#breadcrumb"},"inLanguage":"es","potentialAction":[{"@type":"ReadAction","target":["https:\/\/www.fotocontando.es\/index.php\/este-soy-yo\/"]}]},{"@type":"ImageObject","inLanguage":"es","@id":"https:\/\/www.fotocontando.es\/index.php\/este-soy-yo\/#primaryimage","url":"https:\/\/www.fotocontando.es\/wp-content\/uploads\/2021\/08\/cropped-mi-yo-profesional.jpg","contentUrl":"https:\/\/www.fotocontando.es\/wp-content\/uploads\/2021\/08\/cropped-mi-yo-profesional.jpg","width":1581,"height":527,"caption":"Contar historias con fotos y video"},{"@type":"BreadcrumbList","@id":"https:\/\/www.fotocontando.es\/index.php\/este-soy-yo\/#breadcrumb","itemListElement":[{"@type":"ListItem","position":1,"name":"Portada","item":"https:\/\/www.fotocontando.es\/"},{"@type":"ListItem","position":2,"name":"\u00c9ste soy yo"}]},{"@type":"WebSite","@id":"https:\/\/www.fotocontando.es\/#website","url":"https:\/\/www.fotocontando.es\/","name":"","description":"Convirtiendo im\u00e1genes en historias inolvidables...","publisher":{"@id":"https:\/\/www.fotocontando.es\/#\/schema\/person\/1e1cf689ec4caf86cf022e5df49c820d"},"potentialAction":[{"@type":"SearchAction","target":{"@type":"EntryPoint","urlTemplate":"https:\/\/www.fotocontando.es\/?s={search_term_string}"},"query-input":{"@type":"PropertyValueSpecification","valueRequired":true,"valueName":"search_term_string"}}],"inLanguage":"es"},{"@type":["Person","Organization"],"@id":"https:\/\/www.fotocontando.es\/#\/schema\/person\/1e1cf689ec4caf86cf022e5df49c820d","name":"Tony","image":{"@type":"ImageObject","inLanguage":"es","@id":"https:\/\/www.fotocontando.es\/wp-content\/uploads\/2021\/10\/cropped-cropped-1.-Original-e1633114626294.png","url":"https:\/\/www.fotocontando.es\/wp-content\/uploads\/2021\/10\/cropped-cropped-1.-Original-e1633114626294.png","contentUrl":"https:\/\/www.fotocontando.es\/wp-content\/uploads\/2021\/10\/cropped-cropped-1.-Original-e1633114626294.png","width":250,"height":84,"caption":"Tony"},"logo":{"@id":"https:\/\/www.fotocontando.es\/wp-content\/uploads\/2021\/10\/cropped-cropped-1.-Original-e1633114626294.png"},"sameAs":["http:\/\/fotocontando.es","https:\/\/www.facebook.com\/Fotocontando\/?ref=pages_you_manage","https:\/\/www.instagram.com\/tony_fotocuentista\/"]}]}},"_links":{"self":[{"href":"https:\/\/www.fotocontando.es\/index.php\/wp-json\/wp\/v2\/pages\/33","targetHints":{"allow":["GET"]}}],"collection":[{"href":"https:\/\/www.fotocontando.es\/index.php\/wp-json\/wp\/v2\/pages"}],"about":[{"href":"https:\/\/www.fotocontando.es\/index.php\/wp-json\/wp\/v2\/types\/page"}],"author":[{"embeddable":true,"href":"https:\/\/www.fotocontando.es\/index.php\/wp-json\/wp\/v2\/users\/1"}],"replies":[{"embeddable":true,"href":"https:\/\/www.fotocontando.es\/index.php\/wp-json\/wp\/v2\/comments?post=33"}],"version-history":[{"count":108,"href":"https:\/\/www.fotocontando.es\/index.php\/wp-json\/wp\/v2\/pages\/33\/revisions"}],"predecessor-version":[{"id":2475,"href":"https:\/\/www.fotocontando.es\/index.php\/wp-json\/wp\/v2\/pages\/33\/revisions\/2475"}],"wp:attachment":[{"href":"https:\/\/www.fotocontando.es\/index.php\/wp-json\/wp\/v2\/media?parent=33"}],"curies":[{"name":"wp","href":"https:\/\/api.w.org\/{rel}","templated":true}]}}